{"id":33,"date":"2021-08-21T13:25:24","date_gmt":"2021-08-21T11:25:24","guid":{"rendered":"http:\/\/www.lescheminsdinspiration.fr\/?page_id=33"},"modified":"2021-12-01T17:07:26","modified_gmt":"2021-12-01T16:07:26","slug":"a-propos-de-nous","status":"publish","type":"page","link":"https:\/\/www.lescheminsdinspiration.fr\/index.php\/a-propos-de-nous\/","title":{"rendered":"A propos de nous"},"content":{"rendered":"\n<div class=\"wp-block-cover has-background-dim\"><img loading=\"lazy\" width=\"1200\" height=\"900\" class=\"wp-block-cover__image-background wp-image-61\" alt=\"\" src=\"http:\/\/www.lescheminsdinspiration.fr\/wp-content\/uploads\/2021\/08\/chemin-bambou-nature-1200-pix.jpg\" data-object-fit=\"cover\" srcset=\"https:\/\/www.lescheminsdinspiration.fr\/wp-content\/uploads\/2021\/08\/chemin-bambou-nature-1200-pix.jpg 1200w, https:\/\/www.lescheminsdinspiration.fr\/wp-content\/uploads\/2021\/08\/chemin-bambou-nature-1200-pix-300x225.jpg 300w, https:\/\/www.lescheminsdinspiration.fr\/wp-content\/uploads\/2021\/08\/chemin-bambou-nature-1200-pix-1024x768.jpg 1024w, https:\/\/www.lescheminsdinspiration.fr\/wp-content\/uploads\/2021\/08\/chemin-bambou-nature-1200-pix-768x576.jpg 768w\" sizes=\"(max-width: 1200px) 100vw, 1200px\" \/><div class=\"wp-block-cover__inner-container\">\n<p class=\"has-text-align-center has-large-font-size\">Coachs en d\u00e9veloppement personnel et professionnel : <\/p>\n\n\n\n<p class=\"has-text-align-center has-large-font-size\">nous vous accompagnons <br>sur votre chemin<\/p>\n<\/div><\/div>\n\n\n\n<div style=\"height:100px\" aria-hidden=\"true\" class=\"wp-block-spacer\"><\/div>\n\n\n\n<div class=\"wp-block-media-text alignwide is-stacked-on-mobile\" style=\"grid-template-columns:20% auto\"><figure class=\"wp-block-media-text__media\"><img loading=\"lazy\" width=\"400\" height=\"535\" src=\"http:\/\/www.lescheminsdinspiration.fr\/wp-content\/uploads\/2021\/08\/photo-michelle-zouari.jpg\" alt=\"\" class=\"wp-image-48 size-full\" srcset=\"https:\/\/www.lescheminsdinspiration.fr\/wp-content\/uploads\/2021\/08\/photo-michelle-zouari.jpg 400w, https:\/\/www.lescheminsdinspiration.fr\/wp-content\/uploads\/2021\/08\/photo-michelle-zouari-224x300.jpg 224w\" sizes=\"(max-width: 400px) 100vw, 400px\" \/><\/figure><div class=\"wp-block-media-text__content\">\n<p style=\"font-size:18px\">Je suis coach professionnelle certifi\u00e9e RNCP, Praticienne PNL, form\u00e9e au Mod\u00e8le Process Communication, \u00e0 l\u2019intelligence collective et \u00e0 l\u2019analyse syst\u00e9mique. J\u2019ai cofond\u00e9 et dirig\u00e9 pendant 20 ans une soci\u00e9t\u00e9 de communication et d\u2019\u00e9dition ax\u00e9e sur les march\u00e9s fran\u00e7ais et europ\u00e9en. Tout au long de mon parcours, le d\u00e9veloppement professionnel individuel et collectif a \u00e9t\u00e9 l\u2019une de mes priorit\u00e9s. Valeurs&nbsp;: enthousiasme, innovation, \u00e9thique.<\/p>\n\n\n\n<ul class=\"wp-block-social-links\"><li class=\"wp-social-link wp-social-link-linkedin wp-block-social-link\"><a href=\"https:\/\/www.linkedin.com\/in\/michelle-zouari-8a813665\/?originalSubdomain=fr\" aria-label=\"LinkedIn\u00a0: https:\/\/www.linkedin.com\/in\/michelle-zouari-8a813665\/?originalSubdomain=fr\"  class=\"wp-block-social-link-anchor\"> <svg width=\"24\" height=\"24\" viewBox=\"0 0 24 24\" version=\"1.1\" xmlns=\"http:\/\/www.w3.org\/2000\/svg\" role=\"img\" aria-hidden=\"true\" focusable=\"false\"><path d=\"M19.7,3H4.3C3.582,3,3,3.582,3,4.3v15.4C3,20.418,3.582,21,4.3,21h15.4c0.718,0,1.3-0.582,1.3-1.3V4.3 C21,3.582,20.418,3,19.7,3z M8.339,18.338H5.667v-8.59h2.672V18.338z M7.004,8.574c-0.857,0-1.549-0.694-1.549-1.548 c0-0.855,0.691-1.548,1.549-1.548c0.854,0,1.547,0.694,1.547,1.548C8.551,7.881,7.858,8.574,7.004,8.574z M18.339,18.338h-2.669 v-4.177c0-0.996-0.017-2.278-1.387-2.278c-1.389,0-1.601,1.086-1.601,2.206v4.249h-2.667v-8.59h2.559v1.174h0.037 c0.356-0.675,1.227-1.387,2.526-1.387c2.703,0,3.203,1.779,3.203,4.092V18.338z\"><\/path><\/svg><\/a><\/li>\n\n<li class=\"wp-social-link wp-social-link-instagram wp-block-social-link\"><a href=\"https:\/\/www.instagram.com\/michelle.zouari\/?hl=fr\" aria-label=\"Instagram\u00a0: https:\/\/www.instagram.com\/michelle.zouari\/?hl=fr\"  class=\"wp-block-social-link-anchor\"> <svg width=\"24\" height=\"24\" viewBox=\"0 0 24 24\" version=\"1.1\" xmlns=\"http:\/\/www.w3.org\/2000\/svg\" role=\"img\" aria-hidden=\"true\" focusable=\"false\"><path d=\"M12,4.622c2.403,0,2.688,0.009,3.637,0.052c0.877,0.04,1.354,0.187,1.671,0.31c0.42,0.163,0.72,0.358,1.035,0.673 c0.315,0.315,0.51,0.615,0.673,1.035c0.123,0.317,0.27,0.794,0.31,1.671c0.043,0.949,0.052,1.234,0.052,3.637 s-0.009,2.688-0.052,3.637c-0.04,0.877-0.187,1.354-0.31,1.671c-0.163,0.42-0.358,0.72-0.673,1.035 c-0.315,0.315-0.615,0.51-1.035,0.673c-0.317,0.123-0.794,0.27-1.671,0.31c-0.949,0.043-1.233,0.052-3.637,0.052 s-2.688-0.009-3.637-0.052c-0.877-0.04-1.354-0.187-1.671-0.31c-0.42-0.163-0.72-0.358-1.035-0.673 c-0.315-0.315-0.51-0.615-0.673-1.035c-0.123-0.317-0.27-0.794-0.31-1.671C4.631,14.688,4.622,14.403,4.622,12 s0.009-2.688,0.052-3.637c0.04-0.877,0.187-1.354,0.31-1.671c0.163-0.42,0.358-0.72,0.673-1.035 c0.315-0.315,0.615-0.51,1.035-0.673c0.317-0.123,0.794-0.27,1.671-0.31C9.312,4.631,9.597,4.622,12,4.622 M12,3 C9.556,3,9.249,3.01,8.289,3.054C7.331,3.098,6.677,3.25,6.105,3.472C5.513,3.702,5.011,4.01,4.511,4.511 c-0.5,0.5-0.808,1.002-1.038,1.594C3.25,6.677,3.098,7.331,3.054,8.289C3.01,9.249,3,9.556,3,12c0,2.444,0.01,2.751,0.054,3.711 c0.044,0.958,0.196,1.612,0.418,2.185c0.23,0.592,0.538,1.094,1.038,1.594c0.5,0.5,1.002,0.808,1.594,1.038 c0.572,0.222,1.227,0.375,2.185,0.418C9.249,20.99,9.556,21,12,21s2.751-0.01,3.711-0.054c0.958-0.044,1.612-0.196,2.185-0.418 c0.592-0.23,1.094-0.538,1.594-1.038c0.5-0.5,0.808-1.002,1.038-1.594c0.222-0.572,0.375-1.227,0.418-2.185 C20.99,14.751,21,14.444,21,12s-0.01-2.751-0.054-3.711c-0.044-0.958-0.196-1.612-0.418-2.185c-0.23-0.592-0.538-1.094-1.038-1.594 c-0.5-0.5-1.002-0.808-1.594-1.038c-0.572-0.222-1.227-0.375-2.185-0.418C14.751,3.01,14.444,3,12,3L12,3z M12,7.378 c-2.552,0-4.622,2.069-4.622,4.622S9.448,16.622,12,16.622s4.622-2.069,4.622-4.622S14.552,7.378,12,7.378z M12,15 c-1.657,0-3-1.343-3-3s1.343-3,3-3s3,1.343,3,3S13.657,15,12,15z M16.804,6.116c-0.596,0-1.08,0.484-1.08,1.08 s0.484,1.08,1.08,1.08c0.596,0,1.08-0.484,1.08-1.08S17.401,6.116,16.804,6.116z\"><\/path><\/svg><\/a><\/li>\n\n<li class=\"wp-social-link wp-social-link-facebook wp-block-social-link\"><a href=\"https:\/\/www.facebook.com\/pg\/zouarimichelle\/posts\/?ref=page_internal\" aria-label=\"Facebook\u00a0: https:\/\/www.facebook.com\/pg\/zouarimichelle\/posts\/?ref=page_internal\"  class=\"wp-block-social-link-anchor\"> <svg width=\"24\" height=\"24\" viewBox=\"0 0 24 24\" version=\"1.1\" xmlns=\"http:\/\/www.w3.org\/2000\/svg\" role=\"img\" aria-hidden=\"true\" focusable=\"false\"><path d=\"M12 2C6.5 2 2 6.5 2 12c0 5 3.7 9.1 8.4 9.9v-7H7.9V12h2.5V9.8c0-2.5 1.5-3.9 3.8-3.9 1.1 0 2.2.2 2.2.2v2.5h-1.3c-1.2 0-1.6.8-1.6 1.6V12h2.8l-.4 2.9h-2.3v7C18.3 21.1 22 17 22 12c0-5.5-4.5-10-10-10z\"><\/path><\/svg><\/a><\/li><\/ul>\n\n\n\n<p><\/p>\n<\/div><\/div>\n\n\n\n<div style=\"height:60px\" aria-hidden=\"true\" class=\"wp-block-spacer\"><\/div>\n\n\n\n<div class=\"wp-block-media-text alignwide has-media-on-the-right is-stacked-on-mobile\" style=\"grid-template-columns:auto 20%\"><figure class=\"wp-block-media-text__media\"><img loading=\"lazy\" width=\"272\" height=\"400\" src=\"http:\/\/www.lescheminsdinspiration.fr\/wp-content\/uploads\/2021\/08\/Carole-Chevalier-Humanaco-rectangle.png\" alt=\"Photo Carole Chevalier Coach Formatrice Accompagnement digital\" class=\"wp-image-49 size-full\" srcset=\"https:\/\/www.lescheminsdinspiration.fr\/wp-content\/uploads\/2021\/08\/Carole-Chevalier-Humanaco-rectangle.png 272w, https:\/\/www.lescheminsdinspiration.fr\/wp-content\/uploads\/2021\/08\/Carole-Chevalier-Humanaco-rectangle-204x300.png 204w\" sizes=\"(max-width: 272px) 100vw, 272px\" \/><\/figure><div class=\"wp-block-media-text__content\">\n<p style=\"font-size:18px\">Je suis coach professionnelle certifi\u00e9e RNCP. Je suis Praticienne PNL et form\u00e9e \u00e0 diff\u00e9rents outils (PCM, Enn\u00e9agramme, Communication non Violente&#8230;). J\u2019accompagne mes clients gr\u00e2ce au coaching individuel et de groupe, particuliers et entreprises. J&rsquo;accompagne \u00e9galement des organismes de formation sp\u00e9cialis\u00e9s en d\u00e9veloppement humain dans leur digitalisation m&rsquo;appuyant notamment sur mon exp\u00e9rience de Manager Marketing et Communication dans le secteur du digital. Je mixte le coaching et l\u2019organisation d\u2019\u00e9v\u00e9nements (ateliers exp\u00e9rientiels, webinaires, s\u00e9minaires\u2026). Vous pouvez retrouver plus d&rsquo;informations sur <a href=\"http:\/\/www.humanaco.fr\" target=\"_blank\" rel=\"noreferrer noopener\">www.humanaco.fr.<\/a><\/p>\n\n\n\n<ul class=\"wp-block-social-links\"><li class=\"wp-social-link wp-social-link-linkedin wp-block-social-link\"><a href=\"https:\/\/www.linkedin.com\/in\/chevaliercarole\/?originalSubdomain=fr\" aria-label=\"LinkedIn\u00a0: https:\/\/www.linkedin.com\/in\/chevaliercarole\/?originalSubdomain=fr\"  class=\"wp-block-social-link-anchor\"> <svg width=\"24\" height=\"24\" viewBox=\"0 0 24 24\" version=\"1.1\" xmlns=\"http:\/\/www.w3.org\/2000\/svg\" role=\"img\" aria-hidden=\"true\" focusable=\"false\"><path d=\"M19.7,3H4.3C3.582,3,3,3.582,3,4.3v15.4C3,20.418,3.582,21,4.3,21h15.4c0.718,0,1.3-0.582,1.3-1.3V4.3 C21,3.582,20.418,3,19.7,3z M8.339,18.338H5.667v-8.59h2.672V18.338z M7.004,8.574c-0.857,0-1.549-0.694-1.549-1.548 c0-0.855,0.691-1.548,1.549-1.548c0.854,0,1.547,0.694,1.547,1.548C8.551,7.881,7.858,8.574,7.004,8.574z M18.339,18.338h-2.669 v-4.177c0-0.996-0.017-2.278-1.387-2.278c-1.389,0-1.601,1.086-1.601,2.206v4.249h-2.667v-8.59h2.559v1.174h0.037 c0.356-0.675,1.227-1.387,2.526-1.387c2.703,0,3.203,1.779,3.203,4.092V18.338z\"><\/path><\/svg><\/a><\/li>\n\n<li class=\"wp-social-link wp-social-link-instagram wp-block-social-link\"><a href=\"https:\/\/www.instagram.com\/carole_humanaco\/?hl=fr\" aria-label=\"Instagram\u00a0: https:\/\/www.instagram.com\/carole_humanaco\/?hl=fr\"  class=\"wp-block-social-link-anchor\"> <svg width=\"24\" height=\"24\" viewBox=\"0 0 24 24\" version=\"1.1\" xmlns=\"http:\/\/www.w3.org\/2000\/svg\" role=\"img\" aria-hidden=\"true\" focusable=\"false\"><path d=\"M12,4.622c2.403,0,2.688,0.009,3.637,0.052c0.877,0.04,1.354,0.187,1.671,0.31c0.42,0.163,0.72,0.358,1.035,0.673 c0.315,0.315,0.51,0.615,0.673,1.035c0.123,0.317,0.27,0.794,0.31,1.671c0.043,0.949,0.052,1.234,0.052,3.637 s-0.009,2.688-0.052,3.637c-0.04,0.877-0.187,1.354-0.31,1.671c-0.163,0.42-0.358,0.72-0.673,1.035 c-0.315,0.315-0.615,0.51-1.035,0.673c-0.317,0.123-0.794,0.27-1.671,0.31c-0.949,0.043-1.233,0.052-3.637,0.052 s-2.688-0.009-3.637-0.052c-0.877-0.04-1.354-0.187-1.671-0.31c-0.42-0.163-0.72-0.358-1.035-0.673 c-0.315-0.315-0.51-0.615-0.673-1.035c-0.123-0.317-0.27-0.794-0.31-1.671C4.631,14.688,4.622,14.403,4.622,12 s0.009-2.688,0.052-3.637c0.04-0.877,0.187-1.354,0.31-1.671c0.163-0.42,0.358-0.72,0.673-1.035 c0.315-0.315,0.615-0.51,1.035-0.673c0.317-0.123,0.794-0.27,1.671-0.31C9.312,4.631,9.597,4.622,12,4.622 M12,3 C9.556,3,9.249,3.01,8.289,3.054C7.331,3.098,6.677,3.25,6.105,3.472C5.513,3.702,5.011,4.01,4.511,4.511 c-0.5,0.5-0.808,1.002-1.038,1.594C3.25,6.677,3.098,7.331,3.054,8.289C3.01,9.249,3,9.556,3,12c0,2.444,0.01,2.751,0.054,3.711 c0.044,0.958,0.196,1.612,0.418,2.185c0.23,0.592,0.538,1.094,1.038,1.594c0.5,0.5,1.002,0.808,1.594,1.038 c0.572,0.222,1.227,0.375,2.185,0.418C9.249,20.99,9.556,21,12,21s2.751-0.01,3.711-0.054c0.958-0.044,1.612-0.196,2.185-0.418 c0.592-0.23,1.094-0.538,1.594-1.038c0.5-0.5,0.808-1.002,1.038-1.594c0.222-0.572,0.375-1.227,0.418-2.185 C20.99,14.751,21,14.444,21,12s-0.01-2.751-0.054-3.711c-0.044-0.958-0.196-1.612-0.418-2.185c-0.23-0.592-0.538-1.094-1.038-1.594 c-0.5-0.5-1.002-0.808-1.594-1.038c-0.572-0.222-1.227-0.375-2.185-0.418C14.751,3.01,14.444,3,12,3L12,3z M12,7.378 c-2.552,0-4.622,2.069-4.622,4.622S9.448,16.622,12,16.622s4.622-2.069,4.622-4.622S14.552,7.378,12,7.378z M12,15 c-1.657,0-3-1.343-3-3s1.343-3,3-3s3,1.343,3,3S13.657,15,12,15z M16.804,6.116c-0.596,0-1.08,0.484-1.08,1.08 s0.484,1.08,1.08,1.08c0.596,0,1.08-0.484,1.08-1.08S17.401,6.116,16.804,6.116z\"><\/path><\/svg><\/a><\/li>\n\n<li class=\"wp-social-link wp-social-link-facebook wp-block-social-link\"><a href=\"https:\/\/www.facebook.com\/carole.chevalier.1848\" aria-label=\"Facebook\u00a0: https:\/\/www.facebook.com\/carole.chevalier.1848\"  class=\"wp-block-social-link-anchor\"> <svg width=\"24\" height=\"24\" viewBox=\"0 0 24 24\" version=\"1.1\" xmlns=\"http:\/\/www.w3.org\/2000\/svg\" role=\"img\" aria-hidden=\"true\" focusable=\"false\"><path d=\"M12 2C6.5 2 2 6.5 2 12c0 5 3.7 9.1 8.4 9.9v-7H7.9V12h2.5V9.8c0-2.5 1.5-3.9 3.8-3.9 1.1 0 2.2.2 2.2.2v2.5h-1.3c-1.2 0-1.6.8-1.6 1.6V12h2.8l-.4 2.9h-2.3v7C18.3 21.1 22 17 22 12c0-5.5-4.5-10-10-10z\"><\/path><\/svg><\/a><\/li><\/ul>\n\n\n\n<p><\/p>\n<\/div><\/div>\n\n\n\n<p><\/p>\n","protected":false},"excerpt":{"rendered":"","protected":false},"author":1,"featured_media":0,"parent":0,"menu_order":0,"comment_status":"closed","ping_status":"closed","template":"","meta":[],"yoast_head":"<!-- This site is optimized with the Yoast SEO plugin v17.7.1 - https:\/\/yoast.com\/wordpress\/plugins\/seo\/ -->\n<title>A propos de nous - Les Chemins d&#039;Inspiration<\/title>\n<meta name=\"description\" content=\"Michelle Zaouri et Carole Chevalier - coachs en d\u00e9veloppement personnel et professionnel - Nous vous accompagnons sur votre chemin personnel\" \/>\n<meta name=\"robots\" content=\"index, follow, max-snippet:-1, max-image-preview:large, max-video-preview:-1\" \/>\n<link rel=\"canonical\" href=\"https:\/\/www.lescheminsdinspiration.fr\/index.php\/a-propos-de-nous\/\" \/>\n<meta property=\"og:locale\" content=\"fr_FR\" \/>\n<meta property=\"og:type\" content=\"article\" \/>\n<meta property=\"og:title\" content=\"A propos de nous - Les Chemins d&#039;Inspiration\" \/>\n<meta property=\"og:description\" content=\"Michelle Zaouri et Carole Chevalier - coachs en d\u00e9veloppement personnel et professionnel - Nous vous accompagnons sur votre chemin personnel\" \/>\n<meta property=\"og:url\" content=\"https:\/\/www.lescheminsdinspiration.fr\/index.php\/a-propos-de-nous\/\" \/>\n<meta property=\"og:site_name\" content=\"Les Chemins d&#039;Inspiration\" \/>\n<meta property=\"article:modified_time\" content=\"2021-12-01T16:07:26+00:00\" \/>\n<meta property=\"og:image\" content=\"http:\/\/www.lescheminsdinspiration.fr\/wp-content\/uploads\/2021\/08\/chemin-bambou-nature-1200-pix.jpg\" \/>\n<meta name=\"twitter:card\" content=\"summary_large_image\" \/>\n<meta name=\"twitter:label1\" content=\"Dur\u00e9e de lecture estim\u00e9e\" \/>\n\t<meta name=\"twitter:data1\" content=\"2 minutes\" \/>\n<script type=\"application\/ld+json\" class=\"yoast-schema-graph\">{\"@context\":\"https:\/\/schema.org\",\"@graph\":[{\"@type\":\"WebSite\",\"@id\":\"https:\/\/www.lescheminsdinspiration.fr\/#website\",\"url\":\"https:\/\/www.lescheminsdinspiration.fr\/\",\"name\":\"Les Chemins d&#039;Inspiration\",\"description\":\"Nous vous accompagnons sur votre chemin personnel\",\"potentialAction\":[{\"@type\":\"SearchAction\",\"target\":{\"@type\":\"EntryPoint\",\"urlTemplate\":\"https:\/\/www.lescheminsdinspiration.fr\/?s={search_term_string}\"},\"query-input\":\"required name=search_term_string\"}],\"inLanguage\":\"fr-FR\"},{\"@type\":\"ImageObject\",\"@id\":\"https:\/\/www.lescheminsdinspiration.fr\/index.php\/a-propos-de-nous\/#primaryimage\",\"inLanguage\":\"fr-FR\",\"url\":\"http:\/\/www.lescheminsdinspiration.fr\/wp-content\/uploads\/2021\/08\/chemin-bambou-nature-1200-pix.jpg\",\"contentUrl\":\"http:\/\/www.lescheminsdinspiration.fr\/wp-content\/uploads\/2021\/08\/chemin-bambou-nature-1200-pix.jpg\"},{\"@type\":\"WebPage\",\"@id\":\"https:\/\/www.lescheminsdinspiration.fr\/index.php\/a-propos-de-nous\/#webpage\",\"url\":\"https:\/\/www.lescheminsdinspiration.fr\/index.php\/a-propos-de-nous\/\",\"name\":\"A propos de nous - Les Chemins d&#039;Inspiration\",\"isPartOf\":{\"@id\":\"https:\/\/www.lescheminsdinspiration.fr\/#website\"},\"primaryImageOfPage\":{\"@id\":\"https:\/\/www.lescheminsdinspiration.fr\/index.php\/a-propos-de-nous\/#primaryimage\"},\"datePublished\":\"2021-08-21T11:25:24+00:00\",\"dateModified\":\"2021-12-01T16:07:26+00:00\",\"description\":\"Michelle Zaouri et Carole Chevalier - coachs en d\\u00e9veloppement personnel et professionnel - Nous vous accompagnons sur votre chemin personnel\",\"breadcrumb\":{\"@id\":\"https:\/\/www.lescheminsdinspiration.fr\/index.php\/a-propos-de-nous\/#breadcrumb\"},\"inLanguage\":\"fr-FR\",\"potentialAction\":[{\"@type\":\"ReadAction\",\"target\":[\"https:\/\/www.lescheminsdinspiration.fr\/index.php\/a-propos-de-nous\/\"]}]},{\"@type\":\"BreadcrumbList\",\"@id\":\"https:\/\/www.lescheminsdinspiration.fr\/index.php\/a-propos-de-nous\/#breadcrumb\",\"itemListElement\":[{\"@type\":\"ListItem\",\"position\":1,\"name\":\"Accueil\",\"item\":\"https:\/\/www.lescheminsdinspiration.fr\/\"},{\"@type\":\"ListItem\",\"position\":2,\"name\":\"A propos de nous\"}]}]}<\/script>\n<!-- \/ Yoast SEO plugin. -->","yoast_head_json":{"title":"A propos de nous - Les Chemins d&#039;Inspiration","description":"Michelle Zaouri et Carole Chevalier - coachs en d\u00e9veloppement personnel et professionnel - Nous vous accompagnons sur votre chemin personnel","robots":{"index":"index","follow":"follow","max-snippet":"max-snippet:-1","max-image-preview":"max-image-preview:large","max-video-preview":"max-video-preview:-1"},"canonical":"https:\/\/www.lescheminsdinspiration.fr\/index.php\/a-propos-de-nous\/","og_locale":"fr_FR","og_type":"article","og_title":"A propos de nous - Les Chemins d&#039;Inspiration","og_description":"Michelle Zaouri et Carole Chevalier - coachs en d\u00e9veloppement personnel et professionnel - Nous vous accompagnons sur votre chemin personnel","og_url":"https:\/\/www.lescheminsdinspiration.fr\/index.php\/a-propos-de-nous\/","og_site_name":"Les Chemins d&#039;Inspiration","article_modified_time":"2021-12-01T16:07:26+00:00","og_image":[{"url":"http:\/\/www.lescheminsdinspiration.fr\/wp-content\/uploads\/2021\/08\/chemin-bambou-nature-1200-pix.jpg"}],"twitter_card":"summary_large_image","twitter_misc":{"Dur\u00e9e de lecture estim\u00e9e":"2 minutes"},"schema":{"@context":"https:\/\/schema.org","@graph":[{"@type":"WebSite","@id":"https:\/\/www.lescheminsdinspiration.fr\/#website","url":"https:\/\/www.lescheminsdinspiration.fr\/","name":"Les Chemins d&#039;Inspiration","description":"Nous vous accompagnons sur votre chemin personnel","potentialAction":[{"@type":"SearchAction","target":{"@type":"EntryPoint","urlTemplate":"https:\/\/www.lescheminsdinspiration.fr\/?s={search_term_string}"},"query-input":"required name=search_term_string"}],"inLanguage":"fr-FR"},{"@type":"ImageObject","@id":"https:\/\/www.lescheminsdinspiration.fr\/index.php\/a-propos-de-nous\/#primaryimage","inLanguage":"fr-FR","url":"http:\/\/www.lescheminsdinspiration.fr\/wp-content\/uploads\/2021\/08\/chemin-bambou-nature-1200-pix.jpg","contentUrl":"http:\/\/www.lescheminsdinspiration.fr\/wp-content\/uploads\/2021\/08\/chemin-bambou-nature-1200-pix.jpg"},{"@type":"WebPage","@id":"https:\/\/www.lescheminsdinspiration.fr\/index.php\/a-propos-de-nous\/#webpage","url":"https:\/\/www.lescheminsdinspiration.fr\/index.php\/a-propos-de-nous\/","name":"A propos de nous - Les Chemins d&#039;Inspiration","isPartOf":{"@id":"https:\/\/www.lescheminsdinspiration.fr\/#website"},"primaryImageOfPage":{"@id":"https:\/\/www.lescheminsdinspiration.fr\/index.php\/a-propos-de-nous\/#primaryimage"},"datePublished":"2021-08-21T11:25:24+00:00","dateModified":"2021-12-01T16:07:26+00:00","description":"Michelle Zaouri et Carole Chevalier - coachs en d\u00e9veloppement personnel et professionnel - Nous vous accompagnons sur votre chemin personnel","breadcrumb":{"@id":"https:\/\/www.lescheminsdinspiration.fr\/index.php\/a-propos-de-nous\/#breadcrumb"},"inLanguage":"fr-FR","potentialAction":[{"@type":"ReadAction","target":["https:\/\/www.lescheminsdinspiration.fr\/index.php\/a-propos-de-nous\/"]}]},{"@type":"BreadcrumbList","@id":"https:\/\/www.lescheminsdinspiration.fr\/index.php\/a-propos-de-nous\/#breadcrumb","itemListElement":[{"@type":"ListItem","position":1,"name":"Accueil","item":"https:\/\/www.lescheminsdinspiration.fr\/"},{"@type":"ListItem","position":2,"name":"A propos de nous"}]}]}},"_links":{"self":[{"href":"https:\/\/www.lescheminsdinspiration.fr\/index.php\/wp-json\/wp\/v2\/pages\/33"}],"collection":[{"href":"https:\/\/www.lescheminsdinspiration.fr\/index.php\/wp-json\/wp\/v2\/pages"}],"about":[{"href":"https:\/\/www.lescheminsdinspiration.fr\/index.php\/wp-json\/wp\/v2\/types\/page"}],"author":[{"embeddable":true,"href":"https:\/\/www.lescheminsdinspiration.fr\/index.php\/wp-json\/wp\/v2\/users\/1"}],"replies":[{"embeddable":true,"href":"https:\/\/www.lescheminsdinspiration.fr\/index.php\/wp-json\/wp\/v2\/comments?post=33"}],"version-history":[{"count":16,"href":"https:\/\/www.lescheminsdinspiration.fr\/index.php\/wp-json\/wp\/v2\/pages\/33\/revisions"}],"predecessor-version":[{"id":469,"href":"https:\/\/www.lescheminsdinspiration.fr\/index.php\/wp-json\/wp\/v2\/pages\/33\/revisions\/469"}],"wp:attachment":[{"href":"https:\/\/www.lescheminsdinspiration.fr\/index.php\/wp-json\/wp\/v2\/media?parent=33"}],"curies":[{"name":"wp","href":"https:\/\/api.w.org\/{rel}","templated":true}]}}